{"id":405,"date":"2017-08-12T00:10:59","date_gmt":"2017-08-11T22:10:59","guid":{"rendered":"http:\/\/tcms-ski.fr\/wordpress\/?page_id=405"},"modified":"2023-10-28T11:19:32","modified_gmt":"2023-10-28T09:19:32","slug":"contacts","status":"publish","type":"page","link":"https:\/\/tcms-ski.fr\/?page_id=405","title":{"rendered":"Contacts"},"content":{"rendered":"\t\t<div data-elementor-type=\"wp-page\" data-elementor-id=\"405\" class=\"elementor elementor-405\">\n\t\t\t\t\t\t<section class=\"elementor-section elementor-top-section elementor-element elementor-element-6b682b15 elementor-section-boxed elementor-section-height-default elementor-section-height-default\" data-id=\"6b682b15\" data-element_type=\"section\">\n\t\t\t\t\t\t<div class=\"elementor-container elementor-column-gap-default\">\n\t\t\t\t\t<div class=\"elementor-column elementor-col-100 elementor-top-column elementor-element elementor-element-680dfb0e\" data-id=\"680dfb0e\" data-element_type=\"column\">\n\t\t\t<div class=\"elementor-widget-wrap elementor-element-populated\">\n\t\t\t\t\t\t<div class=\"elementor-element elementor-element-1e2d8b97 elementor-widget elementor-widget-text-editor\" data-id=\"1e2d8b97\" data-element_type=\"widget\" data-widget_type=\"text-editor.default\">\n\t\t\t\t<div class=\"elementor-widget-container\">\n\t\t\t\t\t\t\t\t\t<h5><span style=\"color: #008000;\">Marc TUSCH :<\/span><\/h5><ul><li><span style=\"color: #000000;\"><strong>Pr\u00e9sident<\/strong><\/span><\/li><li><span style=\"color: #000000;\"><strong>Responsable groupe ski alpin<\/strong><\/span><\/li><li><span style=\"color: #000000;\">T\u00e9l : 06 12 76 45 46<\/span><\/li><li><span style=\"color: #000000;\">Email :<\/span> <a href=\"mailto:marc.tusch@reseau.sncf.fr\"><span style=\"color: #0000ff;\">marc.tusch@reseau.sncf.fr<\/span><\/a><\/li><\/ul><h5><span style=\"color: #008000;\">Jean Robert BORREDON :<\/span><\/h5><ul><li><span style=\"color: #000000;\"><strong>Secr\u00e9taire<\/strong><\/span><\/li><li><span style=\"color: #000000;\"><strong>Correspondant FFS<\/strong><\/span><\/li><li><span style=\"color: #000000;\"><strong>Organisateur s\u00e9jour ski alpin<\/strong><\/span><\/li><li><span style=\"color: #000000;\">T\u00e9l : 06 24 61 25 91<\/span><\/li><li><span style=\"color: #000000;\">Email :<\/span><span style=\"color: #0000ff;\"> <a href=\"mailto:jean-robert.borredon@reseau.sncf.fr\"><span style=\"color: #0000ff;\">jr31mont@gmail.com<\/span><\/a><\/span><\/li><\/ul><h5><span style=\"color: #008000;\">Philippe KUNERTH :<\/span><\/h5><ul><li><span style=\"color: #000000;\"><strong>Tr\u00e9sorier<\/strong><\/span><\/li><li><span style=\"color: #000000;\">T\u00e9l : 06 58 15 52 57<\/span><\/li><li><span style=\"color: #000000;\">Email :<\/span> <a href=\"mailto:philippe.kunerth@gmail.com\"><span style=\"color: #0000ff;\">philippe.kunerth@gmail.com<\/span><\/a><\/li><\/ul><h5><span style=\"color: #008000;\">David SALES :<\/span><\/h5><ul><li><span style=\"color: #000000;\"><strong>Responsable r\u00e9servation refuge<\/strong><\/span><\/li><li><span style=\"color: #000000;\">Email :<\/span> <a href=\"mailto:refugetcms@outlook.fr\"><span style=\"color: #0000ff;\">refugetcms@outlook.fr<\/span><\/a><\/li><\/ul><h5><span style=\"color: #008000;\">Florent SEGA :<\/span><\/h5><ul><li><span style=\"color: #000000;\"><strong>Responsable listing<br \/><\/strong><\/span><\/li><li><span style=\"color: #000000;\">T\u00e9l : 06 14 56 54 75<\/span><\/li><li><span style=\"color: #000000;\">Email :<\/span> <a href=\"mailto:sega.florent@neuf.fr\"><span style=\"color: #0000ff;\">sega.florent@neuf.fr<\/span><\/a><\/li><\/ul><h5><span style=\"color: #008000;\">Benjamin CARAYON :<\/span><\/h5><ul><li><span style=\"color: #000000;\"><strong>Responsable groupe canyon<br \/><\/strong><\/span><\/li><li><span style=\"color: #000000;\"><strong>Moniteur f\u00e9d\u00e9ral canyon<\/strong><\/span><\/li><li><span style=\"color: #000000;\"><strong>Moniteur f\u00e9d\u00e9ral ski de montagne<\/strong><\/span><\/li><li><span style=\"color: #000000;\">T\u00e9l : 06 29 54 07 23<\/span><\/li><li><span style=\"color: #000000;\">Email :<\/span> <span style=\"color: #0000ff;\"><a href=\"mailto:benjamin.carayon@neuf.fr\"><span style=\"color: #0000ff;\">benjamin.carayon@neuf.fr<\/span><\/a><\/span><\/li><\/ul><h5><span style=\"color: #008000;\">J\u00e9r\u00f4me LAUMOND :<\/span><\/h5><ul><li><span style=\"color: #000000;\"><strong>Dipl\u00f4m\u00e9 d&rsquo;\u00c9tat canyoning<\/strong><\/span><\/li><li><span style=\"color: #000000;\">T\u00e9l : 06 14 21 15 94<\/span><\/li><li><span style=\"color: #000000;\">Site web :<\/span> <span style=\"color: #0000ff;\"><a style=\"color: #0000ff;\" href=\"https:\/\/www.adret-canyon.fr\/\">https:\/\/www.adret-canyon.fr<\/a><\/span><\/li><li><span style=\"color: #000000;\">Email :<\/span><a href=\"mailto:contact@adret-canyon.fr\"><span style=\"color: #0000ff;\"> <span id=\"eeb-484874-679415\">contact@adret-canyon.fr<\/span><\/span><\/a><\/li><\/ul><h5><span style=\"color: #008000;\">Gilles CHAMBERT :<\/span><\/h5><ul><li><span style=\"color: #000000;\"><strong>Correspondant USCF ski de fond<br \/><\/strong><\/span><\/li><li><span style=\"color: #000000;\">T\u00e9l : 06 72 69 72 43<\/span><\/li><li><span style=\"color: #000000;\">Email :<\/span> <a href=\"mailto:chambert@hotmail.fr\"><span style=\"color: #0000ff;\">chambert@hotmail.fr<\/span><\/a><\/li><\/ul><h5><span style=\"color: #008000;\">Lionel SAGNARD :<\/span><\/h5><ul><li><span style=\"color: #000000;\"><strong>Responsable entretien et travaux du refuge<\/strong><\/span><\/li><li><span style=\"color: #000000;\">T\u00e9l : 06 63 53 46 43<\/span><\/li><li><span style=\"color: #000000;\">Email :<\/span> <a href=\"mailto:l_sagnard@hotmail.com\" target=\"_blank\" rel=\"noopener noreferrer\"><span style=\"color: #0000ff;\">l_sagnard@hotmail.com<\/span><\/a><\/li><\/ul><h5><span style=\"color: #008000;\">St\u00e9phane LESTAGE :<\/span><\/h5><ul><li><span style=\"color: #000000;\"><strong>Responsable groupe ski de randonn\u00e9e<br \/><\/strong><\/span><\/li><li><span style=\"color: #000000;\"><strong>Moniteur f\u00e9d\u00e9ral ski de montagne<\/strong><\/span><\/li><li><span style=\"color: #000000;\"><strong>Correspondant FFME<\/strong><\/span><\/li><li><span style=\"color: #000000;\"><strong>Co-webmaster<\/strong><\/span><\/li><li><span style=\"color: #000000;\">T\u00e9l : 06 10 34 94 12<\/span><\/li><li><span style=\"color: #000000;\">Email :<\/span> <a href=\"mailto:stephane.lestage@sfr.fr\"><span style=\"color: #0000ff;\">stephane.lestage@sfr.fr<\/span><\/a><\/li><\/ul>\t\t\t\t\t\t\t\t<\/div>\n\t\t\t\t<\/div>\n\t\t\t\t\t<\/div>\n\t\t<\/div>\n\t\t\t\t\t<\/div>\n\t\t<\/section>\n\t\t\t\t<\/div>\n\t\t","protected":false},"excerpt":{"rendered":"<p>Marc TUSCH : Pr\u00e9sident Responsable groupe ski alpin T\u00e9l : 06 12 76 45 46 Email : marc.tusch@reseau.sncf.fr Jean Robert BORREDON : Secr\u00e9taire Correspondant FFS Organisateur s\u00e9jour ski alpin T\u00e9l : 06 24 61 25 91 Email : jr31mont@gmail.com Philippe KUNERTH : Tr\u00e9sorier T\u00e9l : 06 58 15 52 57 Email : philippe.kunerth@gmail.com David SALES&#8230;<\/p>\n","protected":false},"author":3,"featured_media":0,"parent":0,"menu_order":0,"comment_status":"closed","ping_status":"closed","template":"","meta":{"footnotes":""},"class_list":["post-405","page","type-page","status-publish","hentry"],"_links":{"self":[{"href":"https:\/\/tcms-ski.fr\/index.php?rest_route=\/wp\/v2\/pages\/405","targetHints":{"allow":["GET"]}}],"collection":[{"href":"https:\/\/tcms-ski.fr\/index.php?rest_route=\/wp\/v2\/pages"}],"about":[{"href":"https:\/\/tcms-ski.fr\/index.php?rest_route=\/wp\/v2\/types\/page"}],"author":[{"embeddable":true,"href":"https:\/\/tcms-ski.fr\/index.php?rest_route=\/wp\/v2\/users\/3"}],"replies":[{"embeddable":true,"href":"https:\/\/tcms-ski.fr\/index.php?rest_route=%2Fwp%2Fv2%2Fcomments&post=405"}],"version-history":[{"count":47,"href":"https:\/\/tcms-ski.fr\/index.php?rest_route=\/wp\/v2\/pages\/405\/revisions"}],"predecessor-version":[{"id":7082,"href":"https:\/\/tcms-ski.fr\/index.php?rest_route=\/wp\/v2\/pages\/405\/revisions\/7082"}],"wp:attachment":[{"href":"https:\/\/tcms-ski.fr\/index.php?rest_route=%2Fwp%2Fv2%2Fmedia&parent=405"}],"curies":[{"name":"wp","href":"https:\/\/api.w.org\/{rel}","templated":true}]}}